{"id":1695,"date":"2021-12-30T18:39:04","date_gmt":"2021-12-30T18:39:04","guid":{"rendered":"https:\/\/www.artsituacions.com\/es\/?page_id=1695"},"modified":"2026-03-06T13:05:13","modified_gmt":"2026-03-06T13:05:13","slug":"noticias","status":"publish","type":"page","link":"https:\/\/www.artsituacions.com\/es\/noticias\/","title":{"rendered":"Noticias"},"content":{"rendered":"<div id=\"gutentastic-grid-999\" class=\"wp-block-gutentastic-post-layouts grid_style4   gutentastic-grid\" data-layout=\"grid_style4\" data-columns=\"3\" data-readmore=\"\" style=\"--block-hover-color:#cf2e2e;--item-gap : 15px; --item-gap-negative : -15px; --item-margin-bottom : 30px; --item-height: 135px; --image-height:300px; --columns-number:3;\"><div id=\"grid-posts\" class=\"grid-posts grid-column-12\"><article id=\"grid-article-3235\" class=\"post-item  grid-column-3 grid_style4 \" data-id=\"3235\" data-category=\"12\"><div class=\"post-content-area left\"><a class=\"post-link\" target=\"_self\" href=https:\/\/www.artsituacions.com\/es\/noticias\/escristina-lucas-gana-el-premio-pilar-forcada-art-situacions-arcomadrid-2026\/><div class=\"hover-excerpt\"><\/div><\/a><div class=\"post-image\"><img width=\"600\" height=\"517\" src=\"https:\/\/www.artsituacions.com\/wp-content\/uploads\/2026\/03\/premi.jpg\" class=\"attachment-large size-large wp-post-image\" alt=\"\" decoding=\"async\" loading=\"lazy\" \/> <\/div><div class=\"inner-post-content\"><div class=\"post-meta post-meta-category\"><\/div><h2 class=\"post-title\"><a href=\"https:\/\/www.artsituacions.com\/es\/noticias\/escristina-lucas-gana-el-premio-pilar-forcada-art-situacions-arcomadrid-2026\/\" target=\"_self\" rel=\"bookmark\">Cristina Lucas gana el Premio Pilar Forcada ART Situacions &#8211; ARCOmadrid 2026<\/a><\/h2><div class=\"post-meta-time-author\">&nbsp;<div class=\"time_meta\"><time datetime=\"2026-03-05T12:26:00+00:00\">Mar 5, 2026<\/time><\/div><\/div><\/div><\/div><\/article><article id=\"grid-article-3217\" class=\"post-item  grid-column-3 grid_style4 \" data-id=\"3217\" data-category=\"12\"><div class=\"post-content-area left\"><a class=\"post-link\" target=\"_self\" href=https:\/\/www.artsituacions.com\/es\/noticias\/esart-situacions-colabora-con-el-museo-nacional-thyssen-bornemisza-en-la-nueva-exposicion-de-irma-alvarez-laviadacapremi-pilar-forcada-art-situacions-arcomadrid-2026enpilar-forcada\/><div class=\"hover-excerpt\"><\/div><\/a><div class=\"post-image\"><img width=\"605\" height=\"454\" src=\"https:\/\/www.artsituacions.com\/wp-content\/uploads\/2022\/03\/foto_prensa1_irmaalvarezlaviada.jpg\" class=\"attachment-large size-large wp-post-image\" alt=\"\" decoding=\"async\" loading=\"lazy\" \/> <\/div><div class=\"inner-post-content\"><div class=\"post-meta post-meta-category\"><\/div><h2 class=\"post-title\"><a href=\"https:\/\/www.artsituacions.com\/es\/noticias\/esart-situacions-colabora-con-el-museo-nacional-thyssen-bornemisza-en-la-nueva-exposicion-de-irma-alvarez-laviadacapremi-pilar-forcada-art-situacions-arcomadrid-2026enpilar-forcada\/\" target=\"_self\" rel=\"bookmark\">ART Situacions colabora con el Museo Nacional Thyssen Bornemisza en la nueva exposici\u00f3n de Irma \u00c1lvarez Laviada<\/a><\/h2><div class=\"post-meta-time-author\">&nbsp;<div class=\"time_meta\"><time datetime=\"2026-02-18T19:40:46+00:00\">Feb 18, 2026<\/time><\/div><\/div><\/div><\/div><\/article><article id=\"grid-article-3207\" class=\"post-item  grid-column-3 grid_style4 \" data-id=\"3207\" data-category=\"12\"><div class=\"post-content-area left\"><a class=\"post-link\" target=\"_self\" href=https:\/\/www.artsituacions.com\/es\/noticias\/premi-pilar-forcada-art-situacions-arcomadrid-2026\/><div class=\"hover-excerpt\"><\/div><\/a><div class=\"post-image\"><img width=\"605\" height=\"608\" src=\"https:\/\/www.artsituacions.com\/wp-content\/uploads\/2022\/02\/arco_2022_ok_02.jpg\" class=\"attachment-large size-large wp-post-image\" alt=\"\" decoding=\"async\" loading=\"lazy\" \/> <\/div><div class=\"inner-post-content\"><div class=\"post-meta post-meta-category\"><\/div><h2 class=\"post-title\"><a href=\"https:\/\/www.artsituacions.com\/es\/noticias\/premi-pilar-forcada-art-situacions-arcomadrid-2026\/\" target=\"_self\" rel=\"bookmark\">Premio Pilar Forcada ART Situacions \u2013 ARCOmadrid 2026<\/a><\/h2><div class=\"post-meta-time-author\">&nbsp;<div class=\"time_meta\"><time datetime=\"2026-02-16T19:03:16+00:00\">Feb 16, 2026<\/time><\/div><\/div><\/div><\/div><\/article><article id=\"grid-article-3113\" class=\"post-item  grid-column-3 grid_style4 \" data-id=\"3113\" data-category=\"12\"><div class=\"post-content-area left\"><a class=\"post-link\" target=\"_self\" href=https:\/\/www.artsituacions.com\/es\/noticias\/lara-fluxa-guanya-el-premi-pilar-forcada-art-situacions-arcomadrid-2025\/><div class=\"hover-excerpt\"><\/div><\/a><div class=\"post-image\"><img width=\"605\" height=\"907\" src=\"https:\/\/www.artsituacions.com\/wp-content\/uploads\/2025\/03\/flure-2025_lara-fluxa.jpg\" class=\"attachment-large size-large wp-post-image\" alt=\"\" decoding=\"async\" loading=\"lazy\" \/> <\/div><div class=\"inner-post-content\"><div class=\"post-meta post-meta-category\"><\/div><h2 class=\"post-title\"><a href=\"https:\/\/www.artsituacions.com\/es\/noticias\/lara-fluxa-guanya-el-premi-pilar-forcada-art-situacions-arcomadrid-2025\/\" target=\"_self\" rel=\"bookmark\">Lara Flux\u00e0 gana el Premio Pilar Forcada ART Situacions \u2013 ARCOmadrid 2025<\/a><\/h2><div class=\"post-meta-time-author\">&nbsp;<div class=\"time_meta\"><time datetime=\"2025-03-06T17:31:03+00:00\">Mar 6, 2025<\/time><\/div><\/div><\/div><\/div><\/article><article id=\"grid-article-3105\" class=\"post-item  grid-column-3 grid_style4 \" data-id=\"3105\" data-category=\"12\"><div class=\"post-content-area left\"><a class=\"post-link\" target=\"_self\" href=https:\/\/www.artsituacions.com\/es\/noticias\/premio-pilar-forcada-art-situacions-arcomadrid-2025\/><div class=\"hover-excerpt\"><\/div><\/a><div class=\"post-image\"><img width=\"250\" height=\"250\" src=\"https:\/\/www.artsituacions.com\/wp-content\/uploads\/2022\/01\/artsituacions.jpeg\" class=\"attachment-large size-large wp-post-image\" alt=\"\" decoding=\"async\" loading=\"lazy\" \/> <\/div><div class=\"inner-post-content\"><div class=\"post-meta post-meta-category\"><\/div><h2 class=\"post-title\"><a href=\"https:\/\/www.artsituacions.com\/es\/noticias\/premio-pilar-forcada-art-situacions-arcomadrid-2025\/\" target=\"_self\" rel=\"bookmark\">Premio Pilar Forcada ART Situacions \u2013 ARCOmadrid 2025<\/a><\/h2><div class=\"post-meta-time-author\">&nbsp;<div class=\"time_meta\"><time datetime=\"2025-02-18T09:30:00+00:00\">Feb 18, 2025<\/time><\/div><\/div><\/div><\/div><\/article><article id=\"grid-article-3080\" class=\"post-item  grid-column-3 grid_style4 \" data-id=\"3080\" data-category=\"12\"><div class=\"post-content-area left\"><a class=\"post-link\" target=\"_self\" href=https:\/\/www.artsituacions.com\/es\/noticias\/el-mural-de-dase-en-la-garriga-nominado-a-mejor-mural-del-mundo\/><div class=\"hover-excerpt\"><\/div><\/a><div class=\"post-image\"><img width=\"605\" height=\"400\" src=\"https:\/\/www.artsituacions.com\/wp-content\/uploads\/2025\/01\/dase_01.jpg\" class=\"attachment-large size-large wp-post-image\" alt=\"\" decoding=\"async\" loading=\"lazy\" \/> <\/div><div class=\"inner-post-content\"><div class=\"post-meta post-meta-category\"><\/div><h2 class=\"post-title\"><a href=\"https:\/\/www.artsituacions.com\/es\/noticias\/el-mural-de-dase-en-la-garriga-nominado-a-mejor-mural-del-mundo\/\" target=\"_self\" rel=\"bookmark\">El mural de Dase, en la Garriga, nominado a Mejor Mural del Mundo 2024<\/a><\/h2><div class=\"post-meta-time-author\">&nbsp;<div class=\"time_meta\"><time datetime=\"2025-01-23T18:36:09+00:00\">Ene 23, 2025<\/time><\/div><\/div><\/div><\/div><\/article><article id=\"grid-article-3065\" class=\"post-item  grid-column-3 grid_style4 \" data-id=\"3065\" data-category=\"12\"><div class=\"post-content-area left\"><a class=\"post-link\" target=\"_self\" href=https:\/\/www.artsituacions.com\/es\/noticias\/esart-situacions-se-despide-en-paris-poniendo-el-broche-de-oro-a-su-tercera-edicion\/><div class=\"hover-excerpt\"><\/div><\/a><div class=\"post-image\"><img width=\"605\" height=\"454\" src=\"https:\/\/www.artsituacions.com\/wp-content\/uploads\/2024\/04\/img_2640.jpeg\" class=\"attachment-large size-large wp-post-image\" alt=\"\" decoding=\"async\" loading=\"lazy\" \/> <\/div><div class=\"inner-post-content\"><div class=\"post-meta post-meta-category\"><\/div><h2 class=\"post-title\"><a href=\"https:\/\/www.artsituacions.com\/es\/noticias\/esart-situacions-se-despide-en-paris-poniendo-el-broche-de-oro-a-su-tercera-edicion\/\" target=\"_self\" rel=\"bookmark\">ART Situacions se despide en Par\u00eds, poniendo el broche de oro a su tercera edici\u00f3n<\/a><\/h2><div class=\"post-meta-time-author\">&nbsp;<div class=\"time_meta\"><time datetime=\"2024-04-21T17:36:53+00:00\">Abr 21, 2024<\/time><\/div><\/div><\/div><\/div><\/article><article id=\"grid-article-3043\" class=\"post-item  grid-column-3 grid_style4 \" data-id=\"3043\" data-category=\"12\"><div class=\"post-content-area left\"><a class=\"post-link\" target=\"_self\" href=https:\/\/www.artsituacions.com\/es\/noticias\/una-escultura-de-nora-aurrekoetxea-entre-las-adquisiciones-del-museo-reina-sofia-y-el-ministerio-de-cultura-en-arco-2024\/><div class=\"hover-excerpt\"><\/div><\/a><div class=\"post-image\"><img width=\"605\" height=\"805\" src=\"https:\/\/www.artsituacions.com\/wp-content\/uploads\/2024\/03\/image_123650291-1.jpg\" class=\"attachment-large size-large wp-post-image\" alt=\"\" decoding=\"async\" loading=\"lazy\" \/> <\/div><div class=\"inner-post-content\"><div class=\"post-meta post-meta-category\"><\/div><h2 class=\"post-title\"><a href=\"https:\/\/www.artsituacions.com\/es\/noticias\/una-escultura-de-nora-aurrekoetxea-entre-las-adquisiciones-del-museo-reina-sofia-y-el-ministerio-de-cultura-en-arco-2024\/\" target=\"_self\" rel=\"bookmark\">Una escultura de Nora Aurrekoetxea entre las adquisiciones del Museo Reina Sof\u00eda y el Ministerio de Cultura en ARCO 2024<\/a><\/h2><div class=\"post-meta-time-author\">&nbsp;<div class=\"time_meta\"><time datetime=\"2024-03-20T18:31:01+00:00\">Mar 20, 2024<\/time><\/div><\/div><\/div><\/div><\/article><article id=\"grid-article-2987\" class=\"post-item  grid-column-3 grid_style4 \" data-id=\"2987\" data-category=\"12\"><div class=\"post-content-area left\"><a class=\"post-link\" target=\"_self\" href=https:\/\/www.artsituacions.com\/es\/noticias\/art-situacions-iii-successfully-debuts-its-inaugural-exhibition-in-france-in-collaboration-with-fondation-fiminco\/><div class=\"hover-excerpt\"><\/div><\/a><div class=\"post-image\"><img width=\"360\" height=\"270\" src=\"https:\/\/www.artsituacions.com\/wp-content\/uploads\/2024\/03\/wall-pannels.jpg\" class=\"attachment-large size-large wp-post-image\" alt=\"\" decoding=\"async\" loading=\"lazy\" \/> <\/div><div class=\"inner-post-content\"><div class=\"post-meta post-meta-category\"><\/div><h2 class=\"post-title\"><a href=\"https:\/\/www.artsituacions.com\/es\/noticias\/art-situacions-iii-successfully-debuts-its-inaugural-exhibition-in-france-in-collaboration-with-fondation-fiminco\/\" target=\"_self\" rel=\"bookmark\">ART Situacions III inaugura con \u00e9xito su primera exposici\u00f3n en Francia de la mano de la Fondation Fiminco<\/a><\/h2><div class=\"post-meta-time-author\">&nbsp;<div class=\"time_meta\"><time datetime=\"2024-03-13T16:59:22+00:00\">Mar 13, 2024<\/time><\/div><\/div><\/div><\/div><\/article><article id=\"grid-article-2926\" class=\"post-item  grid-column-3 grid_style4 \" data-id=\"2926\" data-category=\"12\"><div class=\"post-content-area left\"><a class=\"post-link\" target=\"_self\" href=https:\/\/www.artsituacions.com\/es\/noticias\/finaliza-la-exposicion-art-situacions-iii-en-barcelona-y-prepara-su-itinerancia-en-paris\/><div class=\"hover-excerpt\"><\/div><\/a><div class=\"post-image\"><img width=\"605\" height=\"403\" src=\"https:\/\/www.artsituacions.com\/wp-content\/uploads\/2024\/01\/fiminco_05.jpg\" class=\"attachment-large size-large wp-post-image\" alt=\"\" decoding=\"async\" loading=\"lazy\" \/> <\/div><div class=\"inner-post-content\"><div class=\"post-meta post-meta-category\"><\/div><h2 class=\"post-title\"><a href=\"https:\/\/www.artsituacions.com\/es\/noticias\/finaliza-la-exposicion-art-situacions-iii-en-barcelona-y-prepara-su-itinerancia-en-paris\/\" target=\"_self\" rel=\"bookmark\">ART Situacions III inicia su itinerancia en Par\u00eds de la mano de la Fondation Fiminco<\/a><\/h2><div class=\"post-meta-time-author\">&nbsp;<div class=\"time_meta\"><time datetime=\"2024-01-15T12:17:05+00:00\">Ene 15, 2024<\/time><\/div><\/div><\/div><\/div><\/article><article id=\"grid-article-2844\" class=\"post-item  grid-column-3 grid_style4 \" data-id=\"2844\" data-category=\"12\"><div class=\"post-content-area left\"><a class=\"post-link\" target=\"_self\" href=https:\/\/www.artsituacions.com\/es\/noticias\/art-situacions-iii-exhibition-wraps-up-in-barcelona-and-gears-up-for-its-parisian-tour\/><div class=\"hover-excerpt\"><\/div><\/a><div class=\"post-image\"><img width=\"605\" height=\"404\" src=\"https:\/\/www.artsituacions.com\/wp-content\/uploads\/2023\/11\/9--vista-de-la-exposicion--foto-pep-herrero.jpg\" class=\"attachment-large size-large wp-post-image\" alt=\"\" decoding=\"async\" loading=\"lazy\" \/> <\/div><div class=\"inner-post-content\"><div class=\"post-meta post-meta-category\"><\/div><h2 class=\"post-title\"><a href=\"https:\/\/www.artsituacions.com\/es\/noticias\/art-situacions-iii-exhibition-wraps-up-in-barcelona-and-gears-up-for-its-parisian-tour\/\" target=\"_self\" rel=\"bookmark\">Finaliza la exposici\u00f3n ART Situacions III en Barcelona y prepara su itinerancia en Par\u00eds<\/a><\/h2><div class=\"post-meta-time-author\">&nbsp;<div class=\"time_meta\"><time datetime=\"2023-11-08T09:08:59+00:00\">Nov 8, 2023<\/time><\/div><\/div><\/div><\/div><\/article><article id=\"grid-article-2833\" class=\"post-item  grid-column-3 grid_style4 \" data-id=\"2833\" data-category=\"12\"><div class=\"post-content-area left\"><a class=\"post-link\" target=\"_self\" href=https:\/\/www.artsituacions.com\/es\/noticias\/the-winning-artwork-of-the-2019-pilar-forcada-art-situations-prize-is-exhibited-at-the-35th-sao-paulo-biennial\/><div class=\"hover-excerpt\"><\/div><\/a><div class=\"post-image\"><img width=\"605\" height=\"320\" src=\"https:\/\/www.artsituacions.com\/wp-content\/uploads\/2023\/09\/pleasedontpaintthewall-web.jpg\" class=\"attachment-large size-large wp-post-image\" alt=\"\" decoding=\"async\" loading=\"lazy\" \/> <\/div><div class=\"inner-post-content\"><div class=\"post-meta post-meta-category\"><\/div><h2 class=\"post-title\"><a href=\"https:\/\/www.artsituacions.com\/es\/noticias\/the-winning-artwork-of-the-2019-pilar-forcada-art-situations-prize-is-exhibited-at-the-35th-sao-paulo-biennial\/\" target=\"_self\" rel=\"bookmark\">La obra ganadora del Premio Pilar Forcada ART Situacions 2019 se expone en la 35\u00aa Bienal de S\u00e3o Paulo<\/a><\/h2><div class=\"post-meta-time-author\">&nbsp;<div class=\"time_meta\"><time datetime=\"2023-09-09T08:11:29+00:00\">Sep 9, 2023<\/time><\/div><\/div><\/div><\/div><\/article><article id=\"grid-article-2813\" class=\"post-item  grid-column-3 grid_style4 \" data-id=\"2813\" data-category=\"12\"><div class=\"post-content-area left\"><a class=\"post-link\" target=\"_self\" href=https:\/\/www.artsituacions.com\/es\/noticias\/art-situacions-iii-inicia-la-seva-itinerancia-a-la-capella-de-barcelona\/><div class=\"hover-excerpt\"><\/div><\/a><div class=\"post-image\"><img width=\"605\" height=\"403\" src=\"https:\/\/www.artsituacions.com\/wp-content\/uploads\/2023\/07\/exposicio-matadero.jpeg\" class=\"attachment-large size-large wp-post-image\" alt=\"\" decoding=\"async\" loading=\"lazy\" \/> <\/div><div class=\"inner-post-content\"><div class=\"post-meta post-meta-category\"><\/div><h2 class=\"post-title\"><a href=\"https:\/\/www.artsituacions.com\/es\/noticias\/art-situacions-iii-inicia-la-seva-itinerancia-a-la-capella-de-barcelona\/\" target=\"_self\" rel=\"bookmark\">ART Situacions III inicia su itinerancia en la Capella de Barcelona<\/a><\/h2><div class=\"post-meta-time-author\">&nbsp;<div class=\"time_meta\"><time datetime=\"2023-07-17T07:41:26+00:00\">Jul 17, 2023<\/time><\/div><\/div><\/div><\/div><\/article><article id=\"grid-article-2630\" class=\"post-item  grid-column-3 grid_style4 \" data-id=\"2630\" data-category=\"12\"><div class=\"post-content-area left\"><a class=\"post-link\" target=\"_self\" href=https:\/\/www.artsituacions.com\/es\/noticias\/art-situacions-edits-a-book-with-turner\/><div class=\"hover-excerpt\"><\/div><\/a><div class=\"post-image\"><img width=\"605\" height=\"756\" src=\"https:\/\/www.artsituacions.com\/wp-content\/uploads\/2023\/03\/art-situations-baja.jpg\" class=\"attachment-large size-large wp-post-image\" alt=\"\" decoding=\"async\" loading=\"lazy\" \/> <\/div><div class=\"inner-post-content\"><div class=\"post-meta post-meta-category\"><\/div><h2 class=\"post-title\"><a href=\"https:\/\/www.artsituacions.com\/es\/noticias\/art-situacions-edits-a-book-with-turner\/\" target=\"_self\" rel=\"bookmark\">ART Situacions edita un libro con Turner<\/a><\/h2><div class=\"post-meta-time-author\">&nbsp;<div class=\"time_meta\"><time datetime=\"2023-03-22T12:49:00+00:00\">Mar 22, 2023<\/time><\/div><\/div><\/div><\/div><\/article><article id=\"grid-article-2506\" class=\"post-item  grid-column-3 grid_style4 \" data-id=\"2506\" data-category=\"12\"><div class=\"post-content-area left\"><a class=\"post-link\" target=\"_self\" href=https:\/\/www.artsituacions.com\/es\/noticias\/esart-situacions-cierra-su-exposicion-en-arco-madrid-con-un-gran-exito-de-critica-y-publicocaart-situacions-tanca-la-seva-exposicio-a-arco-madrid-amb-un-gran-exit-de-critica-i-publicenart-sit\/><div class=\"hover-excerpt\"><\/div><\/a><div class=\"post-image\"><img width=\"605\" height=\"376\" src=\"https:\/\/www.artsituacions.com\/wp-content\/uploads\/2023\/03\/20230223173536__b5a4326-01-2.jpeg\" class=\"attachment-large size-large wp-post-image\" alt=\"\" decoding=\"async\" loading=\"lazy\" \/> <\/div><div class=\"inner-post-content\"><div class=\"post-meta post-meta-category\"><\/div><h2 class=\"post-title\"><a href=\"https:\/\/www.artsituacions.com\/es\/noticias\/esart-situacions-cierra-su-exposicion-en-arco-madrid-con-un-gran-exito-de-critica-y-publicocaart-situacions-tanca-la-seva-exposicio-a-arco-madrid-amb-un-gran-exit-de-critica-i-publicenart-sit\/\" target=\"_self\" rel=\"bookmark\">ART Situacions cierra su exposici\u00f3n en ARCO Madrid con un gran \u00e9xito de cr\u00edtica y p\u00fablico<\/a><\/h2><div class=\"post-meta-time-author\">&nbsp;<div class=\"time_meta\"><time datetime=\"2023-02-28T13:08:00+00:00\">Feb 28, 2023<\/time><\/div><\/div><\/div><\/div><\/article><article id=\"grid-article-2305\" class=\"post-item  grid-column-3 grid_style4 \" data-id=\"2305\" data-category=\"12\"><div class=\"post-content-area left\"><a class=\"post-link\" target=\"_self\" href=https:\/\/www.artsituacions.com\/es\/noticias\/art-situacions-reafirma-el-seu-suport-la-creacio-emergent-i-presentara-a-arcomadrid-la-tercera-exposicio-del-projecte-de-mecenatge\/><div class=\"hover-excerpt\"><\/div><\/a><div class=\"post-image\"><img width=\"605\" height=\"334\" src=\"https:\/\/www.artsituacions.com\/wp-content\/uploads\/2023\/02\/arco2023-artsituacions.jpg\" class=\"attachment-large size-large wp-post-image\" alt=\"\" decoding=\"async\" loading=\"lazy\" \/> <\/div><div class=\"inner-post-content\"><div class=\"post-meta post-meta-category\"><\/div><h2 class=\"post-title\"><a href=\"https:\/\/www.artsituacions.com\/es\/noticias\/art-situacions-reafirma-el-seu-suport-la-creacio-emergent-i-presentara-a-arcomadrid-la-tercera-exposicio-del-projecte-de-mecenatge\/\" target=\"_self\" rel=\"bookmark\">ART Situacions reafirma su apoyo la creaci\u00f3n emergente y presentar\u00e1 en ARCOmadrid la tercera exposici\u00f3n de su proyecto de mecenazgo<\/a><\/h2><div class=\"post-meta-time-author\">&nbsp;<div class=\"time_meta\"><time datetime=\"2023-02-08T09:27:00+00:00\">Feb 8, 2023<\/time><\/div><\/div><\/div><\/div><\/article><article id=\"grid-article-2027\" class=\"post-item  grid-column-3 grid_style4 \" data-id=\"2027\" data-category=\"12\"><div class=\"post-content-area left\"><a class=\"post-link\" target=\"_self\" href=https:\/\/www.artsituacions.com\/es\/noticias\/se-anuncia-la-primera-exposicion-de-art-situacions-iii-en-arcomadrid\/><div class=\"hover-excerpt\"><\/div><\/a><div class=\"post-image\"><img width=\"300\" height=\"289\" src=\"https:\/\/www.artsituacions.com\/wp-content\/uploads\/2020\/02\/logo_arco_madrid.jpeg\" class=\"attachment-large size-large wp-post-image\" alt=\"\" decoding=\"async\" loading=\"lazy\" \/> <\/div><div class=\"inner-post-content\"><div class=\"post-meta post-meta-category\"><\/div><h2 class=\"post-title\"><a href=\"https:\/\/www.artsituacions.com\/es\/noticias\/se-anuncia-la-primera-exposicion-de-art-situacions-iii-en-arcomadrid\/\" target=\"_self\" rel=\"bookmark\">Se anuncia la primera exposici\u00f3n de ART Situacions III en ARCOmadrid 2023<\/a><\/h2><div class=\"post-meta-time-author\">&nbsp;<div class=\"time_meta\"><time datetime=\"2022-11-15T16:51:49+00:00\">Nov 15, 2022<\/time><\/div><\/div><\/div><\/div><\/article><article id=\"grid-article-2017\" class=\"post-item  grid-column-3 grid_style4 \" data-id=\"2017\" data-category=\"12\"><div class=\"post-content-area left\"><a class=\"post-link\" target=\"_self\" href=https:\/\/www.artsituacions.com\/es\/noticias\/esse-publica-la-lista-de-artistas-de-art-situacions-iii\/><div class=\"hover-excerpt\"><\/div><\/a><div class=\"post-image\"><img width=\"605\" height=\"608\" src=\"https:\/\/www.artsituacions.com\/wp-content\/uploads\/2022\/02\/arco_2022_ok_02.jpg\" class=\"attachment-large size-large wp-post-image\" alt=\"\" decoding=\"async\" loading=\"lazy\" \/> <\/div><div class=\"inner-post-content\"><div class=\"post-meta post-meta-category\"><\/div><h2 class=\"post-title\"><a href=\"https:\/\/www.artsituacions.com\/es\/noticias\/esse-publica-la-lista-de-artistas-de-art-situacions-iii\/\" target=\"_self\" rel=\"bookmark\">Se publica la lista de artistas de ART Situacions III<\/a><\/h2><div class=\"post-meta-time-author\">&nbsp;<div class=\"time_meta\"><time datetime=\"2022-04-26T18:13:00+00:00\">Abr 26, 2022<\/time><\/div><\/div><\/div><\/div><\/article><article id=\"grid-article-1977\" class=\"post-item  grid-column-3 grid_style4 \" data-id=\"1977\" data-category=\"12\"><div class=\"post-content-area left\"><a class=\"post-link\" target=\"_self\" href=https:\/\/www.artsituacions.com\/es\/noticias\/irma-alvarez-laviada-wins-the-pilar-forcada-art-situacions-2022-prize\/><div class=\"hover-excerpt\"><\/div><\/a><div class=\"post-image\"><img width=\"605\" height=\"454\" src=\"https:\/\/www.artsituacions.com\/wp-content\/uploads\/2022\/03\/foto_prensa1_irmaalvarezlaviada.jpg\" class=\"attachment-large size-large wp-post-image\" alt=\"\" decoding=\"async\" loading=\"lazy\" \/> <\/div><div class=\"inner-post-content\"><div class=\"post-meta post-meta-category\"><\/div><h2 class=\"post-title\"><a href=\"https:\/\/www.artsituacions.com\/es\/noticias\/irma-alvarez-laviada-wins-the-pilar-forcada-art-situacions-2022-prize\/\" target=\"_self\" rel=\"bookmark\">Irma \u00c1lvarez-Laviada gana el Premio Pilar Forcada ART Situacions 2022<\/a><\/h2><div class=\"post-meta-time-author\">&nbsp;<div class=\"time_meta\"><time datetime=\"2022-03-01T18:07:05+00:00\">Mar 1, 2022<\/time><\/div><\/div><\/div><\/div><\/article><article id=\"grid-article-1943\" class=\"post-item  grid-column-3 grid_style4 \" data-id=\"1943\" data-category=\"12\"><div class=\"post-content-area left\"><a class=\"post-link\" target=\"_self\" href=https:\/\/www.artsituacions.com\/es\/noticias\/premio-pilar-forcada-art-situacions-2022\/><div class=\"hover-excerpt\"><\/div><\/a><div class=\"post-image\"><img width=\"300\" height=\"289\" src=\"https:\/\/www.artsituacions.com\/wp-content\/uploads\/2020\/02\/logo_arco_madrid.jpeg\" class=\"attachment-large size-large wp-post-image\" alt=\"\" decoding=\"async\" loading=\"lazy\" \/> <\/div><div class=\"inner-post-content\"><div class=\"post-meta post-meta-category\"><\/div><h2 class=\"post-title\"><a href=\"https:\/\/www.artsituacions.com\/es\/noticias\/premio-pilar-forcada-art-situacions-2022\/\" target=\"_self\" rel=\"bookmark\">Premio Pilar Forcada ART Situacions 2022<\/a><\/h2><div class=\"post-meta-time-author\">&nbsp;<div class=\"time_meta\"><time datetime=\"2022-02-08T17:25:00+00:00\">Feb 8, 2022<\/time><\/div><\/div><\/div><\/div><\/article><article id=\"grid-article-1793\" class=\"post-item  grid-column-3 grid_style4 \" data-id=\"1793\" data-category=\"12\"><div class=\"post-content-area left\"><a class=\"post-link\" target=\"_self\" href=https:\/\/www.artsituacions.com\/es\/noticias\/arrenca-art-situacions-iii\/><div class=\"hover-excerpt\"><\/div><\/a><div class=\"post-image\"><img width=\"1200\" height=\"900\" src=\"https:\/\/www.artsituacions.com\/wp-content\/uploads\/2022\/01\/04_pilar-forcada-sm.jpg\" class=\"attachment-full size-full\" alt=\"\" decoding=\"async\" loading=\"lazy\" \/> <\/div><div class=\"inner-post-content\"><div class=\"post-meta post-meta-category\"><\/div><h2 class=\"post-title\"><a href=\"https:\/\/www.artsituacions.com\/es\/noticias\/arrenca-art-situacions-iii\/\" target=\"_self\" rel=\"bookmark\">Arranca ART Situacions III<\/a><\/h2><div class=\"post-meta-time-author\">&nbsp;<div class=\"time_meta\"><time datetime=\"2021-12-02T19:38:00+00:00\">Dic 2, 2021<\/time><\/div><\/div><\/div><\/div><\/article><article id=\"grid-article-1739\" class=\"post-item  grid-column-3 grid_style4 \" data-id=\"1739\" data-category=\"12\"><div class=\"post-content-area left\"><a class=\"post-link\" target=\"_self\" href=https:\/\/www.artsituacions.com\/es\/noticias\/se-entrega-el-premio-art-situacions-arcomadrid-2020\/><div class=\"hover-excerpt\"><\/div><\/a><div class=\"post-image\"><img width=\"605\" height=\"403\" src=\"https:\/\/www.artsituacions.com\/wp-content\/uploads\/2020\/02\/cr_0885.jpg\" class=\"attachment-large size-large wp-post-image\" alt=\"\" decoding=\"async\" loading=\"lazy\" \/> <\/div><div class=\"inner-post-content\"><div class=\"post-meta post-meta-category\"><\/div><h2 class=\"post-title\"><a href=\"https:\/\/www.artsituacions.com\/es\/noticias\/se-entrega-el-premio-art-situacions-arcomadrid-2020\/\" target=\"_self\" rel=\"bookmark\">Se entrega el PREMIO ART Situacions ARCOmadrid 2020<\/a><\/h2><div class=\"post-meta-time-author\">&nbsp;<div class=\"time_meta\"><time datetime=\"2020-02-28T12:46:00+00:00\">Feb 28, 2020<\/time><\/div><\/div><\/div><\/div><\/article><article id=\"grid-article-1726\" class=\"post-item  grid-column-3 grid_style4 \" data-id=\"1726\" data-category=\"12\"><div class=\"post-content-area left\"><a class=\"post-link\" target=\"_self\" href=https:\/\/www.artsituacions.com\/es\/noticias\/presentation-of-the-2019-art-situacions-arcomadrid-prize\/><div class=\"hover-excerpt\"><\/div><\/a><div class=\"post-image\"><img width=\"605\" height=\"403\" src=\"https:\/\/www.artsituacions.com\/wp-content\/uploads\/2019\/03\/ar19_rrs_premio-art-situacions_012.jpg\" class=\"attachment-large size-large wp-post-image\" alt=\"\" decoding=\"async\" loading=\"lazy\" \/> <\/div><div class=\"inner-post-content\"><div class=\"post-meta post-meta-category\"><\/div><h2 class=\"post-title\"><a href=\"https:\/\/www.artsituacions.com\/es\/noticias\/presentation-of-the-2019-art-situacions-arcomadrid-prize\/\" target=\"_self\" rel=\"bookmark\">Se entrega el PREMIO ART Situacions ARCOmadrid 2019<\/a><\/h2><div class=\"post-meta-time-author\">&nbsp;<div class=\"time_meta\"><time datetime=\"2019-03-01T11:15:00+00:00\">Mar 1, 2019<\/time><\/div><\/div><\/div><\/div><\/article><article id=\"grid-article-1713\" class=\"post-item  grid-column-3 grid_style4 \" data-id=\"1713\" data-category=\"12\"><div class=\"post-content-area left\"><a class=\"post-link\" target=\"_self\" href=https:\/\/www.artsituacions.com\/es\/noticias\/2018-art-situacions-arcomadrid-prize\/><div class=\"hover-excerpt\"><\/div><\/a><div class=\"post-image\"><img width=\"1600\" height=\"1200\" src=\"https:\/\/www.artsituacions.com\/wp-content\/uploads\/2022\/01\/foto-1.jpg\" class=\"attachment-full size-full\" alt=\"\" decoding=\"async\" loading=\"lazy\" \/> <\/div><div class=\"inner-post-content\"><div class=\"post-meta post-meta-category\"><\/div><h2 class=\"post-title\"><a href=\"https:\/\/www.artsituacions.com\/es\/noticias\/2018-art-situacions-arcomadrid-prize\/\" target=\"_self\" rel=\"bookmark\">PREMIO ART Situacions ARCOmadrid 2018<\/a><\/h2><div class=\"post-meta-time-author\">&nbsp;<div class=\"time_meta\"><time datetime=\"2018-02-23T10:38:52+00:00\">Feb 23, 2018<\/time><\/div><\/div><\/div><\/div><\/article><div class=\"gutentastic-pagination-loading-container\"><\/div><\/div><\/div>","protected":false},"excerpt":{"rendered":"","protected":false},"author":1,"featured_media":0,"parent":0,"menu_order":0,"comment_status":"closed","ping_status":"closed","template":"","meta":[],"yoast_head":"<!-- This site is optimized with the Yoast SEO plugin v17.8 - https:\/\/yoast.com\/wordpress\/plugins\/seo\/ -->\n<meta name=\"robots\" content=\"index, follow, max-snippet:-1, max-image-preview:large, max-video-preview:-1\" \/>\n<link rel=\"canonical\" href=\"https:\/\/www.artsituacions.com\/ca\/noticias\/\" \/>\n<meta property=\"og:locale\" content=\"es_ES\" \/>\n<meta property=\"og:type\" content=\"article\" \/>\n<meta property=\"og:title\" content=\"Noticias\" \/>\n<meta property=\"og:url\" content=\"https:\/\/www.artsituacions.com\/es\/noticias\/\" \/>\n<meta property=\"og:site_name\" content=\"Artsituacions\" \/>\n<meta property=\"article:modified_time\" content=\"2026-03-06T13:05:13+00:00\" \/>\n<meta name=\"twitter:card\" content=\"summary_large_image\" \/>\n<script type=\"application\/ld+json\" class=\"yoast-schema-graph\">{\"@context\":\"https:\/\/schema.org\",\"@graph\":[{\"@type\":\"WebSite\",\"@id\":\"https:\/\/www.artsituacions.com\/es\/#website\",\"url\":\"https:\/\/www.artsituacions.com\/es\/\",\"name\":\"Artsituacions\",\"description\":\"\",\"potentialAction\":[{\"@type\":\"SearchAction\",\"target\":{\"@type\":\"EntryPoint\",\"urlTemplate\":\"https:\/\/www.artsituacions.com\/es\/?s={search_term_string}\"},\"query-input\":\"required name=search_term_string\"}],\"inLanguage\":\"es-ES\"},{\"@type\":\"WebPage\",\"@id\":\"https:\/\/www.artsituacions.com\/ca\/noticias\/#webpage\",\"url\":\"https:\/\/www.artsituacions.com\/ca\/noticias\/\",\"name\":\"[:es]Noticias[:ca]Not\\u00edcies[:en]News[:] - Artsituacions\",\"isPartOf\":{\"@id\":\"https:\/\/www.artsituacions.com\/es\/#website\"},\"datePublished\":\"2021-12-30T18:39:04+00:00\",\"dateModified\":\"2026-03-06T13:05:13+00:00\",\"breadcrumb\":{\"@id\":\"https:\/\/www.artsituacions.com\/ca\/noticias\/#breadcrumb\"},\"inLanguage\":\"es-ES\",\"potentialAction\":[{\"@type\":\"ReadAction\",\"target\":[\"https:\/\/www.artsituacions.com\/ca\/noticias\/\"]}]},{\"@type\":\"BreadcrumbList\",\"@id\":\"https:\/\/www.artsituacions.com\/ca\/noticias\/#breadcrumb\",\"itemListElement\":[{\"@type\":\"ListItem\",\"position\":1,\"name\":\"Home\",\"item\":\"https:\/\/www.artsituacions.com\/es\/\"},{\"@type\":\"ListItem\",\"position\":2,\"name\":\"Not\\u00edcies\"}]}]}<\/script>\n<!-- \/ Yoast SEO plugin. -->","yoast_head_json":{"robots":{"index":"index","follow":"follow","max-snippet":"max-snippet:-1","max-image-preview":"max-image-preview:large","max-video-preview":"max-video-preview:-1"},"canonical":"https:\/\/www.artsituacions.com\/ca\/noticias\/","og_locale":"es_ES","og_type":"article","og_title":"[:es]Noticias[:ca]Not\u00edcies[:en]News[:] - Artsituacions","og_url":"https:\/\/www.artsituacions.com\/es\/noticias\/","og_site_name":"Artsituacions","article_modified_time":"2026-03-06T13:05:13+00:00","twitter_card":"summary_large_image","schema":{"@context":"https:\/\/schema.org","@graph":[{"@type":"WebSite","@id":"https:\/\/www.artsituacions.com\/es\/#website","url":"https:\/\/www.artsituacions.com\/es\/","name":"Artsituacions","description":"","potentialAction":[{"@type":"SearchAction","target":{"@type":"EntryPoint","urlTemplate":"https:\/\/www.artsituacions.com\/es\/?s={search_term_string}"},"query-input":"required name=search_term_string"}],"inLanguage":"es-ES"},{"@type":"WebPage","@id":"https:\/\/www.artsituacions.com\/ca\/noticias\/#webpage","url":"https:\/\/www.artsituacions.com\/ca\/noticias\/","name":"[:es]Noticias[:ca]Not\u00edcies[:en]News[:] - Artsituacions","isPartOf":{"@id":"https:\/\/www.artsituacions.com\/es\/#website"},"datePublished":"2021-12-30T18:39:04+00:00","dateModified":"2026-03-06T13:05:13+00:00","breadcrumb":{"@id":"https:\/\/www.artsituacions.com\/ca\/noticias\/#breadcrumb"},"inLanguage":"es-ES","potentialAction":[{"@type":"ReadAction","target":["https:\/\/www.artsituacions.com\/ca\/noticias\/"]}]},{"@type":"BreadcrumbList","@id":"https:\/\/www.artsituacions.com\/ca\/noticias\/#breadcrumb","itemListElement":[{"@type":"ListItem","position":1,"name":"Home","item":"https:\/\/www.artsituacions.com\/es\/"},{"@type":"ListItem","position":2,"name":"Not\u00edcies"}]}]}},"AFP_featured_media_urls":{"full":false,"thumbnail":false,"medium":false,"medium_large":false,"large":false},"AFP_attachments":[],"AFP_videos":[],"AFP_video_blocks":"","AFP_category_names":[],"_links":{"self":[{"href":"https:\/\/www.artsituacions.com\/es\/wp-json\/wp\/v2\/pages\/1695"}],"collection":[{"href":"https:\/\/www.artsituacions.com\/es\/wp-json\/wp\/v2\/pages"}],"about":[{"href":"https:\/\/www.artsituacions.com\/es\/wp-json\/wp\/v2\/types\/page"}],"author":[{"embeddable":true,"href":"https:\/\/www.artsituacions.com\/es\/wp-json\/wp\/v2\/users\/1"}],"replies":[{"embeddable":true,"href":"https:\/\/www.artsituacions.com\/es\/wp-json\/wp\/v2\/comments?post=1695"}],"version-history":[{"count":28,"href":"https:\/\/www.artsituacions.com\/es\/wp-json\/wp\/v2\/pages\/1695\/revisions"}],"predecessor-version":[{"id":3264,"href":"https:\/\/www.artsituacions.com\/es\/wp-json\/wp\/v2\/pages\/1695\/revisions\/3264"}],"wp:attachment":[{"href":"https:\/\/www.artsituacions.com\/es\/wp-json\/wp\/v2\/media?parent=1695"}],"curies":[{"name":"wp","href":"https:\/\/api.w.org\/{rel}","templated":true}]}}